{"id":718,"date":"2016-07-20T19:41:33","date_gmt":"2016-07-20T22:41:33","guid":{"rendered":"http:\/\/danielajardim.com\/designer_freelancer\/?post_type=portfolio&#038;p=718"},"modified":"2025-06-15T17:53:56","modified_gmt":"2025-06-15T20:53:56","slug":"diagramacao-revistas-jornais-design-grafico","status":"publish","type":"portfolio","link":"https:\/\/danielajardim.com\/designer_freelancer\/portfolio\/diagramacao-revistas-jornais-design-grafico\/","title":{"rendered":"Cria\u00e7\u00e3o do projeto gr\u00e1fico e diagrama\u00e7\u00e3o de publica\u00e7\u00f5es"},"content":{"rendered":"<div id=\"dslc-theme-content\"><div id=\"dslc-theme-content-inner\"><p><strong>O design editorial \u00e9 a nossa especialidade e o tipo de servi\u00e7o que mais gostamos de fazer!<\/strong><\/p>\n<p>Nos \u00faltimos 25 anos, fizemos a cria\u00e7\u00e3o do projeto gr\u00e1fico e a diagrama\u00e7\u00e3o de diversos tipos de publica\u00e7\u00f5es, como: <strong>relat\u00f3rios anuais de atividades<\/strong>, <strong>cartilhas<\/strong>, <strong>guias<\/strong>, <strong>revistas acad\u00eamicas<\/strong>, <strong>cadernos<\/strong>, <strong>livros<\/strong>, <strong>informativos,<\/strong> <strong>jornais<\/strong>, outros tipos de relat\u00f3rios etc.<\/p>\n<p>Veja abaixo alguns desses projetos.<\/p>\n<\/p>\n<p><img loading=\"lazy\" decoding=\"async\" class=\"aligncenter size-full wp-image-1352\" src=\"http:\/\/danielajardim.com\/designer_freelancer\/wp-content\/uploads\/2016\/07\/diagramacao_boletim_aasp_2019_design_grafico.gif\" alt=\"diagramacao_boletim_aasp_2019_design_grafico\" width=\"1000\" height=\"450\" \/><\/p>\n<p style=\"text-align: center;\"><strong>Servi\u00e7os:<\/strong> Cria\u00e7\u00e3o do projeto gr\u00e1fico + capa + diagrama\u00e7\u00e3o + arte final | 28 p\u00e1ginas | Boletim AASP 2019<br \/>\n<strong>Cliente:<\/strong> AASP - Associa\u00e7\u00e3o dos Advogados de S\u00e3o Paulo \u2013 S\u00e3o Paulo\/SP<\/p>\n<\/p>\n<p><img loading=\"lazy\" decoding=\"async\" class=\"aligncenter size-full wp-image-1351\" src=\"http:\/\/danielajardim.com\/designer_freelancer\/wp-content\/uploads\/2016\/07\/diagramacao_cenario_2019_fundacao_abrinq_design_grafico.gif\" alt=\"diagramacao_cenario_2019_fundacao_abrinq_design_grafico\" width=\"1000\" height=\"450\" \/><\/p>\n<p style=\"text-align: center;\"><strong>Servi\u00e7os:<\/strong> Cria\u00e7\u00e3o do projeto gr\u00e1fico + Diagrama\u00e7\u00e3o + arte final | 80 p\u00e1ginas | Cen\u00e1rio da Inf\u00e2ncia e Adolesc\u00eancia 2019<br \/>\n<strong>Cliente:<\/strong> Funda\u00e7\u00e3o Abrinq \u2013 S\u00e3o Paulo\/SP<br \/>\n<a href=\"https:\/\/www.fadc.org.br\/sites\/default\/files\/2019-05\/cenario-brasil-2019.pdf\" target=\"_blank\" rel=\"noopener noreferrer\">Visualize a publica\u00e7\u00e3o completa em pdf<\/a><\/p>\n<\/p>\n<p><img loading=\"lazy\" decoding=\"async\" class=\"aligncenter size-full wp-image-1350\" src=\"http:\/\/danielajardim.com\/designer_freelancer\/wp-content\/uploads\/2016\/07\/diagramacao_caderno_legislativo_2019_fundacao_abrinq_design_grafico.gif\" alt=\"diagramacao_caderno_legislativo_2019_fundacao_abrinq_design_grafico\" width=\"1000\" height=\"450\" \/><\/p>\n<p style=\"text-align: center;\"><strong>Servi\u00e7os:<\/strong> Cria\u00e7\u00e3o do projeto gr\u00e1fico + capa + diagrama\u00e7\u00e3o + arte final | 104 p\u00e1ginas | Caderno Legislativo da Crian\u00e7a e do Adolescente \u2013 Os direitos de crian\u00e7as e adolescentes no Brasil 2019<br \/>\n<strong>Cliente:<\/strong> Funda\u00e7\u00e3o Abrinq \u2013 S\u00e3o Paulo\/SP<br \/>\n<a href=\"https:\/\/www.fadc.org.br\/sites\/default\/files\/2019-05\/caderno-legislativo-2019-internet.pdf\" target=\"_blank\" rel=\"noopener noreferrer\">Visualize a publica\u00e7\u00e3o completa em pdf<\/a><\/p>\n<\/p>\n<p><img loading=\"lazy\" decoding=\"async\" class=\"aligncenter size-full wp-image-1349\" src=\"http:\/\/danielajardim.com\/designer_freelancer\/wp-content\/uploads\/2016\/07\/diagramacao_premio_crianca_2018_fundacao_abrinq_design_grafico.gif\" alt=\"diagramacao_premio_crianca_2018_fundacao_abrinq_design_grafico\" width=\"1000\" height=\"450\" \/><\/p>\n<p style=\"text-align: center;\"><strong>Servi\u00e7os:<\/strong> Cria\u00e7\u00e3o do projeto gr\u00e1fico + capa + diagrama\u00e7\u00e3o + arte final | 24 p\u00e1ginas | Pr\u00eamio Crian\u00e7a 2018<br \/>\n<strong>Cliente:<\/strong> Funda\u00e7\u00e3o Abrinq \u2013 S\u00e3o Paulo\/SP<\/p>\n<\/p>\n<p><img loading=\"lazy\" decoding=\"async\" class=\"aligncenter size-full wp-image-1348\" src=\"http:\/\/danielajardim.com\/designer_freelancer\/wp-content\/uploads\/2016\/07\/diagramacao_proposta_abcp_2019_design_grafico.gif\" alt=\"diagramacao_proposta_abcp_2019_design_grafico\" width=\"1000\" height=\"450\" \/><\/p>\n<p style=\"text-align: center;\"><strong>Servi\u00e7os:<\/strong> Cria\u00e7\u00e3o do projeto gr\u00e1fico + capa + diagrama\u00e7\u00e3o + arte final | 94 p\u00e1ginas | Propostas da ind\u00fastria brasileira de cimento ao Presidente da Rep\u00fablica<br \/>\n<strong>Cliente:<\/strong> ABCP - Associa\u00e7\u00e3o Brasileira de Cimento Portland \u2013 S\u00e3o Paulo\/SP<\/p>\n<\/p>\n<p><img loading=\"lazy\" decoding=\"async\" class=\"aligncenter size-full wp-image-1353\" src=\"http:\/\/danielajardim.com\/designer_freelancer\/wp-content\/uploads\/2016\/07\/diagramacao_relatorio_social_acsp_2017_design_grafico.gif\" alt=\"diagramacao_relatorio_social_acsp_2017_design_grafico\" width=\"1000\" height=\"450\" \/><\/p>\n<p style=\"text-align: center;\"><strong>Servi\u00e7os:<\/strong> Cria\u00e7\u00e3o do projeto gr\u00e1fico + capa + diagrama\u00e7\u00e3o + arte final | 44 p\u00e1ginas | Relat\u00f3rio Social 2017<br \/>\n<strong>Cliente:<\/strong> ACSP - Associa\u00e7\u00e3o Comercial de S\u00e3o Paulo \u2013 S\u00e3o Paulo\/SP<\/p>\n<\/p>\n<p><img loading=\"lazy\" decoding=\"async\" class=\"aligncenter size-full wp-image-1347\" src=\"http:\/\/danielajardim.com\/designer_freelancer\/wp-content\/uploads\/2016\/07\/diagramacao_cartilha_planos_saude_2019_design_grafico.gif\" alt=\"diagramacao_cartilha_planos_saude_2019_design_grafico\" width=\"1000\" height=\"450\" \/><\/p>\n<p style=\"text-align: center;\"><strong>Servi\u00e7os:<\/strong> Cria\u00e7\u00e3o do projeto gr\u00e1fico + capa + diagrama\u00e7\u00e3o + arte final | 16 p\u00e1ginas | Cartilha - Reajuste dos planos de sa\u00fade<br \/>\n<strong>Cliente:<\/strong> IESS \u2013 Instituto de Estudos de Sa\u00fade Suplementar \u2013 S\u00e3o Paulo\/SP<br \/>\n<a href=\"https:\/\/www.iess.org.br\/cms\/rep\/cartilha-reajuste.pdf\" target=\"_blank\" rel=\"noopener noreferrer\">Visualize a publica\u00e7\u00e3o completa em pdf<\/a><\/p>\n<\/p>\n<p><img loading=\"lazy\" decoding=\"async\" class=\"aligncenter size-full wp-image-1346\" src=\"http:\/\/danielajardim.com\/designer_freelancer\/wp-content\/uploads\/2016\/07\/diagramacao_licinia_direito_penal_design_grafico.gif\" alt=\"diagramacao_licinia_direito_penal_design_grafico\" width=\"1000\" height=\"450\" \/><\/p>\n<p style=\"text-align: center;\"><strong>Servi\u00e7os:<\/strong> Cria\u00e7\u00e3o do projeto gr\u00e1fico + capa + diagrama\u00e7\u00e3o + arte final | 70 p\u00e1ginas | Livro did\u00e1tico: Direito Penal<br \/>\n<strong>Cliente:<\/strong> Lic\u00ednia Rossi \u2013 S\u00e3o Paulo\/SP<br \/>\n<a href=\"https:\/\/www.instagram.com\/tv\/ByQe0kXHzbR\/?igshid=zx057p8hr99f\" target=\"_blank\" rel=\"noopener noreferrer\">Visualize apresenta\u00e7\u00e3o do produto<\/a><\/p>\n<\/p>\n<p style=\"text-align: center;\"><img loading=\"lazy\" decoding=\"async\" class=\"aligncenter wp-image-1308 size-full\" title=\"Diagrama\u00e7\u00e3o: Cen\u00e1rio Empresa Amiga da Crian\u00e7a - 2018 - Funda\u00e7\u00e3o Abrinq\" src=\"http:\/\/danielajardim.com\/designer_freelancer\/wp-content\/uploads\/2016\/07\/abrinq_cenario_empresa_amiga_crianca_2018.gif\" alt=\"Diagrama\u00e7\u00e3o: Cen\u00e1rio Empresa Amiga da Crian\u00e7a - 2018 - Funda\u00e7\u00e3o Abrinq\" width=\"1000\" height=\"450\" \/><\/p>\n<p style=\"text-align: center;\"><strong>Servi\u00e7os<\/strong>: Cria\u00e7\u00e3o do projeto gr\u00e1fico + capa\u00a0+ diagrama\u00e7\u00e3o + arte final | 52 p\u00e1ginas | Cen\u00e1rio Empresa Amiga da Crian\u00e7a 2018<br \/>\n<strong>Cliente<\/strong>: Funda\u00e7\u00e3o Abrinq \u2013 S\u00e3o Paulo\/SP<\/p>\n<p style=\"text-align: center;\">\n<p style=\"text-align: center;\">\n<p style=\"text-align: center;\"><img loading=\"lazy\" decoding=\"async\" class=\"aligncenter wp-image-1017 size-full\" title=\"Diagrama\u00e7\u00e3o: Relat\u00f3rio Anual 2016\" src=\"http:\/\/danielajardim.com\/designer_freelancer\/wp-content\/uploads\/2016\/07\/diagramacao_relatorio_anual_2016_fundacao_abrinq.jpg\" alt=\"Diagrama\u00e7\u00e3o: Relat\u00f3rio Anual 2016\" width=\"1000\" height=\"450\" srcset=\"https:\/\/danielajardim.com\/designer_freelancer\/wp-content\/uploads\/2016\/07\/diagramacao_relatorio_anual_2016_fundacao_abrinq.jpg 1000w, https:\/\/danielajardim.com\/designer_freelancer\/wp-content\/uploads\/2016\/07\/diagramacao_relatorio_anual_2016_fundacao_abrinq-300x135.jpg 300w, https:\/\/danielajardim.com\/designer_freelancer\/wp-content\/uploads\/2016\/07\/diagramacao_relatorio_anual_2016_fundacao_abrinq-768x346.jpg 768w\" sizes=\"auto, (max-width: 1000px) 100vw, 1000px\" \/><\/p>\n<p style=\"text-align: center;\"><strong>Servi\u00e7os<\/strong>: Cria\u00e7\u00e3o do projeto gr\u00e1fico + capa\u00a0+ diagrama\u00e7\u00e3o + arte final |\u00a0364 p\u00e1ginas |\u00a0Vers\u00f5es em portugu\u00eas e ingl\u00eas |\u00a0Relat\u00f3rio Anual 2016<br \/>\n<strong>Cliente<\/strong>: Funda\u00e7\u00e3o Abrinq \u2013 S\u00e3o Paulo\/SP<\/p>\n<p style=\"text-align: center;\">\n<p style=\"text-align: center;\">\n<p style=\"text-align: center;\"><img loading=\"lazy\" decoding=\"async\" class=\"aligncenter wp-image-1204 size-full\" title=\"Diagrama\u00e7\u00e3o: Caderno Legislativo da Crian\u00e7a e do Adolescente - Agenda Priorit\u00e1ria em 2018 - Funda\u00e7\u00e3o Abrinq\" src=\"http:\/\/danielajardim.com\/designer_freelancer\/wp-content\/uploads\/2016\/07\/diagramacao_caderno_legislativo_2018_fundacao_abrinq_design_grafico.gif\" alt=\"Diagrama\u00e7\u00e3o: Caderno Legislativo da Crian\u00e7a e do Adolescente - Agenda Priorit\u00e1ria em 2018 - Funda\u00e7\u00e3o Abrinq\" width=\"1000\" height=\"450\" \/><\/p>\n<p style=\"text-align: center;\"><strong>Servi\u00e7os<\/strong>: Cria\u00e7\u00e3o do projeto gr\u00e1fico + capa\u00a0+ diagrama\u00e7\u00e3o + arte final | 124 p\u00e1ginas |\u00a0Caderno Legislativo da Crian\u00e7a e do Adolescente - Agenda Priorit\u00e1ria em 2018<br \/>\n<strong>Cliente<\/strong>: Funda\u00e7\u00e3o Abrinq \u2013 S\u00e3o Paulo\/SP<\/p>\n<p style=\"text-align: center;\">\n<p style=\"text-align: center;\">\n<p><img loading=\"lazy\" decoding=\"async\" class=\"aligncenter wp-image-1310 size-full\" title=\"Diagrama\u00e7\u00e3o: Cen\u00e1rio da Inf\u00e2ncia e Adolesc\u00eancia no Brasil 2018 - Funda\u00e7\u00e3o Abrinq\" src=\"http:\/\/danielajardim.com\/designer_freelancer\/wp-content\/uploads\/2016\/07\/abrinq_cenario_brasil_2018.gif\" alt=\"Diagrama\u00e7\u00e3o: Cen\u00e1rio da Inf\u00e2ncia e Adolesc\u00eancia no Brasil 2018 - Funda\u00e7\u00e3o Abrinq\" width=\"1000\" height=\"450\" \/><\/p>\n<p style=\"text-align: center;\"><strong>Servi\u00e7os<\/strong>: Diagrama\u00e7\u00e3o + arte final | 72 p\u00e1ginas | Cen\u00e1rio da Inf\u00e2ncia e Adolesc\u00eancia 2018<br \/>\n<strong>Cliente<\/strong>: Funda\u00e7\u00e3o Abrinq \u2013 S\u00e3o Paulo\/SP<\/p>\n<p style=\"text-align: center;\">\n<p style=\"text-align: center;\">\n<p style=\"text-align: center;\"><img loading=\"lazy\" decoding=\"async\" class=\"aligncenter wp-image-1205 size-full\" title=\"Revista Sa\u00fade in Foco | Diagrama\u00e7\u00e3o | Design Gr\u00e1fico\" src=\"http:\/\/danielajardim.com\/designer_freelancer\/wp-content\/uploads\/2016\/07\/diagramacao_revista_saude_in_foco_design_grafico.gif\" alt=\"Revista Sa\u00fade in Foco | Diagrama\u00e7\u00e3o | Design Gr\u00e1fico\" width=\"1000\" height=\"450\" \/><\/p>\n<p style=\"text-align: center;\"><strong>Servi\u00e7os<\/strong>: Cria\u00e7\u00e3o do projeto gr\u00e1fico + capa\u00a0+ diagrama\u00e7\u00e3o + arte final | 40 p\u00e1ginas |\u00a0Revista Sa\u00fade in Foco<br \/>\n<strong>Cliente<\/strong>: Qualitas \u2013 Cuiab\u00e1\/MT<\/p>\n<p style=\"text-align: center;\">\n<p style=\"text-align: center;\">\n<p style=\"text-align: center;\"><img loading=\"lazy\" decoding=\"async\" class=\"aligncenter wp-image-984 size-full\" title=\"Diagrama\u00e7\u00e3o: Revista Meu Bizne$$ - Angola\" src=\"http:\/\/danielajardim.com\/designer_freelancer\/wp-content\/uploads\/2016\/07\/publicacao_revista_meu_bizness_projeto_grafico.jpg\" alt=\"Diagrama\u00e7\u00e3o: Revista Meu Bizne$$ - Angola\" width=\"1000\" height=\"450\" srcset=\"https:\/\/danielajardim.com\/designer_freelancer\/wp-content\/uploads\/2016\/07\/publicacao_revista_meu_bizness_projeto_grafico.jpg 1000w, https:\/\/danielajardim.com\/designer_freelancer\/wp-content\/uploads\/2016\/07\/publicacao_revista_meu_bizness_projeto_grafico-300x135.jpg 300w, https:\/\/danielajardim.com\/designer_freelancer\/wp-content\/uploads\/2016\/07\/publicacao_revista_meu_bizness_projeto_grafico-768x346.jpg 768w\" sizes=\"auto, (max-width: 1000px) 100vw, 1000px\" \/><\/p>\n<p style=\"text-align: center;\"><strong>Servi\u00e7os<\/strong>: Cria\u00e7\u00e3o do projeto gr\u00e1fico + capa | 28 p\u00e1ginas |\u00a0Revista Meu Bizne$$<br \/>\n<strong>Cliente<\/strong>: CM Club Mais \u2013 Luanda \u2013 Angola<\/p>\n<p style=\"text-align: center;\">\n<p style=\"text-align: center;\">\n<p style=\"text-align: center;\"><img loading=\"lazy\" decoding=\"async\" class=\"aligncenter wp-image-1164 size-full\" title=\"Diagrama\u00e7\u00e3o: Cartilha para inclus\u00e3o de crian\u00e7as e adolescentes com epilepsia no contexto escolar | ABE - Associa\u00e7\u00e3o Brasileira de Epilepsia\" src=\"http:\/\/danielajardim.com\/designer_freelancer\/wp-content\/uploads\/2016\/07\/diagramacao_cartilha_epilepsia_abe_design_grafico.gif\" alt=\"Diagrama\u00e7\u00e3o: Cartilha para inclus\u00e3o de crian\u00e7as e adolescentes com epilepsia no contexto escolar | ABE - Associa\u00e7\u00e3o Brasileira de Epilepsia\" width=\"1000\" height=\"450\" \/><\/p>\n<p style=\"text-align: center;\"><strong>Servi\u00e7os<\/strong>: Cria\u00e7\u00e3o do projeto gr\u00e1fico + capa\u00a0+ diagrama\u00e7\u00e3o + arte final | 24 p\u00e1ginas | Cartilha para inclus\u00e3o de crian\u00e7as e adolescentes com epilepsia no contexto escolar<br \/>\n<strong>Cliente<\/strong>: ABE - Associa\u00e7\u00e3o Brasileira de Epilepsia \u2013 S\u00e3o Paulo\/SP<\/p>\n<p style=\"text-align: center;\">\n<p style=\"text-align: center;\">\n<p style=\"text-align: center;\"><img loading=\"lazy\" decoding=\"async\" class=\"aligncenter wp-image-1163 size-full\" title=\"Diagrama\u00e7\u00e3o: ANU\u00c1RIO DA SEGURAN\u00c7A ASSISTENCIAL HOSPITALAR NO BRASIL | IESS - Instituto de Estudos de Sa\u00fade Suplementar\" src=\"http:\/\/danielajardim.com\/designer_freelancer\/wp-content\/uploads\/2016\/07\/diagramacao_iess_anuario_seguranca_assistencial_hospitalar_design_grafico.gif\" alt=\"Diagrama\u00e7\u00e3o: ANU\u00c1RIO DA SEGURAN\u00c7A ASSISTENCIAL HOSPITALAR NO BRASIL | IESS - Instituto de Estudos de Sa\u00fade Suplementar\" width=\"1000\" height=\"450\" \/><\/p>\n<p style=\"text-align: center;\"><strong>Servi\u00e7os<\/strong>: Diagrama\u00e7\u00e3o + arte final | 64 p\u00e1ginas | Anu\u00e1rio da Seguran\u00e7a Assistencial Hospitalar no Brasil<br \/>\n<strong>Cliente<\/strong>: IESS - Instituto de Estudos de Sa\u00fade Suplementar \u2013 S\u00e3o Paulo\/SP<\/p>\n<p style=\"text-align: center;\">\n<p style=\"text-align: center;\">\n<p><img loading=\"lazy\" decoding=\"async\" class=\"aligncenter wp-image-1018 size-full\" title=\"Diagrama\u00e7\u00e3o: projeto yoga e medita\u00e7\u00e3o\" src=\"http:\/\/danielajardim.com\/designer_freelancer\/wp-content\/uploads\/2016\/07\/diagramacao_yoga_e_meditacao_mover_juntos.jpg\" alt=\"Diagrama\u00e7\u00e3o: projeto yoga e medita\u00e7\u00e3o\" width=\"1000\" height=\"450\" srcset=\"https:\/\/danielajardim.com\/designer_freelancer\/wp-content\/uploads\/2016\/07\/diagramacao_yoga_e_meditacao_mover_juntos.jpg 1000w, https:\/\/danielajardim.com\/designer_freelancer\/wp-content\/uploads\/2016\/07\/diagramacao_yoga_e_meditacao_mover_juntos-300x135.jpg 300w, https:\/\/danielajardim.com\/designer_freelancer\/wp-content\/uploads\/2016\/07\/diagramacao_yoga_e_meditacao_mover_juntos-768x346.jpg 768w\" sizes=\"auto, (max-width: 1000px) 100vw, 1000px\" \/><\/p>\n<p style=\"text-align: center;\"><strong>Servi\u00e7os<\/strong>: Cria\u00e7\u00e3o do projeto gr\u00e1fico + capa + diagrama\u00e7\u00e3o + arte final\u00a0|\u00a013 p\u00e1ginas |\u00a0Projeto Yoga e Medita\u00e7\u00e3o<br \/>\n<strong>Cliente<\/strong>: N\u00facleo de Tantra Yoga Mover Juntos \u2013 Florian\u00f3polis\/SC<\/p>\n<\/p>\n<p style=\"text-align: center;\"><img loading=\"lazy\" decoding=\"async\" class=\"aligncenter wp-image-982 size-full\" title=\"Diagrama\u00e7\u00e3o: BISC Comunitas - Relat\u00f3rio 2016 \" src=\"http:\/\/danielajardim.com\/designer_freelancer\/wp-content\/uploads\/2016\/07\/publicacao_bisc_relatorio_2016_comunitas.gif\" alt=\"Diagrama\u00e7\u00e3o: BISC Comunitas - Relat\u00f3rio 2016 \" width=\"1000\" height=\"450\" \/><\/p>\n<p style=\"text-align: center;\"><strong>Servi\u00e7os<\/strong>: Cria\u00e7\u00e3o do projeto gr\u00e1fico + capa + diagrama\u00e7\u00e3o + arte final\u00a0| 148 p\u00e1ginas | Relat\u00f3rio BISC 2016<br \/>\n<strong>Cliente<\/strong>: Comunitas \u2013 S\u00e3o Paulo\/SP<\/p>\n<p style=\"text-align: center;\">\n<p style=\"text-align: center;\">\n<p style=\"text-align: center;\"><img loading=\"lazy\" decoding=\"async\" class=\"aligncenter wp-image-981 size-full\" title=\"Diagrama\u00e7\u00e3o: BISC Comunitas - Destaques 2016 \" src=\"http:\/\/danielajardim.com\/designer_freelancer\/wp-content\/uploads\/2016\/07\/publicacao_bisc_destaques_2016_comunitas.gif\" alt=\"Diagrama\u00e7\u00e3o: BISC Comunitas - Destaques 2016 \" width=\"1000\" height=\"450\" \/><\/p>\n<p style=\"text-align: center;\"><strong>Servi\u00e7os<\/strong>: Cria\u00e7\u00e3o do projeto gr\u00e1fico + capa + diagrama\u00e7\u00e3o + arte final\u00a0| 36 p\u00e1ginas | Destaques\u00a0BISC 2016<br \/>\n<strong>Cliente<\/strong>: Comunitas\u00a0\u2013 S\u00e3o Paulo\/SP<\/p>\n<p style=\"text-align: center;\">\n<p style=\"text-align: center;\">\n<p style=\"text-align: center;\"><img loading=\"lazy\" decoding=\"async\" class=\"aligncenter wp-image-1309 size-full\" title=\"Diagrama\u00e7\u00e3o: Um Brasil para as Crian\u00e7as e os Adolescentes - 205-2018 - Funda\u00e7\u00e3o Abrinq\" src=\"http:\/\/danielajardim.com\/designer_freelancer\/wp-content\/uploads\/2016\/07\/abrinq_avaliacao_2015-2018.gif\" alt=\"Diagrama\u00e7\u00e3o: Um Brasil para as Crian\u00e7as e os Adolescentes - 2015-2018 - Funda\u00e7\u00e3o Abrinq\" width=\"1000\" height=\"450\" \/><\/p>\n<p style=\"text-align: center;\"><strong>Servi\u00e7os<\/strong>: Diagrama\u00e7\u00e3o + arte final | 164 p\u00e1ginas | VI Relat\u00f3rio: Um Brasil para as Crian\u00e7as e os Adolescentes - Avalia\u00e7\u00e3o da Gest\u00e3o 2015-2018<br \/>\n<strong>Cliente<\/strong>: Funda\u00e7\u00e3o Abrinq \u2013 S\u00e3o Paulo\/SP<\/p>\n<p style=\"text-align: center;\">\n<p style=\"text-align: center;\">\n<p style=\"text-align: center;\"><img loading=\"lazy\" decoding=\"async\" class=\"aligncenter wp-image-1019 size-full\" title=\"Diagrama\u00e7\u00e3o: De Olho no Or\u00e7amento Crian\u00e7a\" src=\"http:\/\/danielajardim.com\/designer_freelancer\/wp-content\/uploads\/2016\/07\/diagramacao_orcamento_crianca_fundacao_abrinq.jpg\" alt=\"Diagrama\u00e7\u00e3o: De Olho no Or\u00e7amento Crian\u00e7a\" width=\"1000\" height=\"450\" srcset=\"https:\/\/danielajardim.com\/designer_freelancer\/wp-content\/uploads\/2016\/07\/diagramacao_orcamento_crianca_fundacao_abrinq.jpg 1000w, https:\/\/danielajardim.com\/designer_freelancer\/wp-content\/uploads\/2016\/07\/diagramacao_orcamento_crianca_fundacao_abrinq-300x135.jpg 300w, https:\/\/danielajardim.com\/designer_freelancer\/wp-content\/uploads\/2016\/07\/diagramacao_orcamento_crianca_fundacao_abrinq-768x346.jpg 768w\" sizes=\"auto, (max-width: 1000px) 100vw, 1000px\" \/><\/p>\n<p style=\"text-align: center;\"><strong>Servi\u00e7os<\/strong>: Cria\u00e7\u00e3o do projeto gr\u00e1fico + capa\u00a0+ diagrama\u00e7\u00e3o + arte final | 64 p\u00e1ginas |\u00a0De Olho no Or\u00e7amento Crian\u00e7a<br \/>\n<strong>Cliente<\/strong>: Funda\u00e7\u00e3o Abrinq \u2013 S\u00e3o Paulo\/SP<\/p>\n<p style=\"text-align: center;\">\n<p style=\"text-align: center;\">\n<p style=\"text-align: center;\"><img loading=\"lazy\" decoding=\"async\" class=\"aligncenter wp-image-736 size-full\" title=\"Diagrama\u00e7\u00e3o: BISC Comunitas - Relat\u00f3rio 2015 \" src=\"http:\/\/danielajardim.com\/designer_freelancer\/wp-content\/uploads\/2016\/07\/publicacao_relatorio_bisc_2015_comunitas.jpg\" alt=\"Diagrama\u00e7\u00e3o: BISC Comunitas - Relat\u00f3rio 2015 \" width=\"1000\" height=\"450\" srcset=\"https:\/\/danielajardim.com\/designer_freelancer\/wp-content\/uploads\/2016\/07\/publicacao_relatorio_bisc_2015_comunitas.jpg 1000w, https:\/\/danielajardim.com\/designer_freelancer\/wp-content\/uploads\/2016\/07\/publicacao_relatorio_bisc_2015_comunitas-300x135.jpg 300w, https:\/\/danielajardim.com\/designer_freelancer\/wp-content\/uploads\/2016\/07\/publicacao_relatorio_bisc_2015_comunitas-768x346.jpg 768w\" sizes=\"auto, (max-width: 1000px) 100vw, 1000px\" \/><\/p>\n<p style=\"text-align: center;\"><strong>Servi\u00e7os<\/strong>: Cria\u00e7\u00e3o do projeto gr\u00e1fico + capa + diagrama\u00e7\u00e3o + arte final\u00a0| 180 p\u00e1ginas | Relat\u00f3rio BISC 2015<br \/>\n<strong>Cliente<\/strong>: Comunitas \u2013 S\u00e3o Paulo\/SP<\/p>\n<\/p>\n<p><img loading=\"lazy\" decoding=\"async\" class=\"aligncenter wp-image-720 size-full\" title=\"Diagrama\u00e7\u00e3o: BISC Comunitas - Destaques 2015 \" src=\"http:\/\/danielajardim.com\/designer_freelancer\/wp-content\/uploads\/2016\/07\/publicacao_bisc_destaques_2015_comunitas.jpg\" alt=\"Diagrama\u00e7\u00e3o: BISC Comunitas - Destaques 2015 \" width=\"1000\" height=\"450\" srcset=\"https:\/\/danielajardim.com\/designer_freelancer\/wp-content\/uploads\/2016\/07\/publicacao_bisc_destaques_2015_comunitas.jpg 1000w, https:\/\/danielajardim.com\/designer_freelancer\/wp-content\/uploads\/2016\/07\/publicacao_bisc_destaques_2015_comunitas-300x135.jpg 300w, https:\/\/danielajardim.com\/designer_freelancer\/wp-content\/uploads\/2016\/07\/publicacao_bisc_destaques_2015_comunitas-768x346.jpg 768w\" sizes=\"auto, (max-width: 1000px) 100vw, 1000px\" \/><\/p>\n<p style=\"text-align: center;\"><strong>Servi\u00e7os<\/strong>: Cria\u00e7\u00e3o do projeto gr\u00e1fico + capa + diagrama\u00e7\u00e3o + arte final | 36 p\u00e1ginas | Destaques BISC 2015<br \/>\n<strong>Cliente<\/strong>: Comunitas\u00a0\u2013 S\u00e3o Paulo\/SP<\/p>\n<p style=\"text-align: center;\">\n<\/p>\n<p><img loading=\"lazy\" decoding=\"async\" class=\"aligncenter wp-image-735 size-full\" title=\"Relat\u00f3rio Anual 2015 - Centro Ruth Cardoso, AlfaSol e UniSol \" src=\"http:\/\/danielajardim.com\/designer_freelancer\/wp-content\/uploads\/2016\/07\/publicacao_relatorio_anual_2015_centro_ruth_cardoso.jpg\" alt=\"Relat\u00f3rio Anual 2015 - Centro Ruth Cardoso, AlfaSol e UniSol \" width=\"1000\" height=\"450\" srcset=\"https:\/\/danielajardim.com\/designer_freelancer\/wp-content\/uploads\/2016\/07\/publicacao_relatorio_anual_2015_centro_ruth_cardoso.jpg 1000w, https:\/\/danielajardim.com\/designer_freelancer\/wp-content\/uploads\/2016\/07\/publicacao_relatorio_anual_2015_centro_ruth_cardoso-300x135.jpg 300w, https:\/\/danielajardim.com\/designer_freelancer\/wp-content\/uploads\/2016\/07\/publicacao_relatorio_anual_2015_centro_ruth_cardoso-768x346.jpg 768w\" sizes=\"auto, (max-width: 1000px) 100vw, 1000px\" \/><\/p>\n<p style=\"text-align: center;\"><strong>Servi\u00e7os<\/strong>: Cria\u00e7\u00e3o do projeto gr\u00e1fico + capa + diagrama\u00e7\u00e3o + arte final | 64 p\u00e1ginas | Relat\u00f3rio Anual 2015<br \/>\n<strong>Cliente<\/strong>: Centro Ruth Cardoso | AlfaSol | UniSol \u2013 S\u00e3o Paulo\/SP<\/p>\n<p style=\"text-align: center;\">\n<\/p>\n<p><img loading=\"lazy\" decoding=\"async\" class=\"aligncenter wp-image-724 size-full\" title=\"Diagrama\u00e7\u00e3o: Cen\u00e1rio da Inf\u00e2ncia e Adolesc\u00eancia no Brasil 2015 - Funda\u00e7\u00e3o Abrinq\" src=\"http:\/\/danielajardim.com\/designer_freelancer\/wp-content\/uploads\/2016\/07\/publicacao_cenario_infancia_adolescencia_fundacao_abrinq.jpg\" alt=\"Diagrama\u00e7\u00e3o: Cen\u00e1rio da Inf\u00e2ncia e Adolesc\u00eancia no Brasil 2015 - Funda\u00e7\u00e3o Abrinq\" width=\"1000\" height=\"450\" srcset=\"https:\/\/danielajardim.com\/designer_freelancer\/wp-content\/uploads\/2016\/07\/publicacao_cenario_infancia_adolescencia_fundacao_abrinq.jpg 1000w, https:\/\/danielajardim.com\/designer_freelancer\/wp-content\/uploads\/2016\/07\/publicacao_cenario_infancia_adolescencia_fundacao_abrinq-300x135.jpg 300w, https:\/\/danielajardim.com\/designer_freelancer\/wp-content\/uploads\/2016\/07\/publicacao_cenario_infancia_adolescencia_fundacao_abrinq-768x346.jpg 768w\" sizes=\"auto, (max-width: 1000px) 100vw, 1000px\" \/><\/p>\n<p style=\"text-align: center;\"><strong>Servi\u00e7os<\/strong>: Cria\u00e7\u00e3o do projeto gr\u00e1fico + capa + diagrama\u00e7\u00e3o + arte final | 52 p\u00e1ginas<br \/>\n<strong>Cliente<\/strong>: Funda\u00e7\u00e3o Abrinq \u2013 S\u00e3o Paulo\/SP<\/p>\n<\/p>\n<p><img loading=\"lazy\" decoding=\"async\" class=\"wp-image-983 size-full aligncenter\" title=\"Diagrama\u00e7\u00e3o: Cat\u00e1logo de produtos | Tapetes Rorine\" src=\"http:\/\/danielajardim.com\/designer_freelancer\/wp-content\/uploads\/2016\/07\/publicacao_catalogo_produtos_rorine.jpg\" alt=\"Diagrama\u00e7\u00e3o: Cat\u00e1logo de produtos | Tapetes Rorine\" width=\"1000\" height=\"450\" srcset=\"https:\/\/danielajardim.com\/designer_freelancer\/wp-content\/uploads\/2016\/07\/publicacao_catalogo_produtos_rorine.jpg 1000w, https:\/\/danielajardim.com\/designer_freelancer\/wp-content\/uploads\/2016\/07\/publicacao_catalogo_produtos_rorine-300x135.jpg 300w, https:\/\/danielajardim.com\/designer_freelancer\/wp-content\/uploads\/2016\/07\/publicacao_catalogo_produtos_rorine-768x346.jpg 768w\" sizes=\"auto, (max-width: 1000px) 100vw, 1000px\" \/><\/p>\n<p style=\"text-align: center;\"><strong>Servi\u00e7os<\/strong>: Cria\u00e7\u00e3o do projeto gr\u00e1fico + capa + diagrama\u00e7\u00e3o + arte final\u00a0| 88 p\u00e1ginas |\u00a0Cat\u00e1logo de produtos - Tapetes<br \/>\n<strong>Cliente<\/strong>: Rorine\u00a0\u2013 S\u00e3o Bernardo do Campo\/SP<\/p>\n<\/p>\n<p><img loading=\"lazy\" decoding=\"async\" class=\"aligncenter wp-image-734 size-full\" title=\"Diagrama\u00e7\u00e3o: Relat\u00f3rio Anual 2014 - Comunitas\" src=\"http:\/\/danielajardim.com\/designer_freelancer\/wp-content\/uploads\/2016\/07\/publicacao_relatorio_anual_2014_comunitas.jpg\" alt=\"Diagrama\u00e7\u00e3o: Relat\u00f3rio Anual 2014 - Comunitas\" width=\"1000\" height=\"450\" srcset=\"https:\/\/danielajardim.com\/designer_freelancer\/wp-content\/uploads\/2016\/07\/publicacao_relatorio_anual_2014_comunitas.jpg 1000w, https:\/\/danielajardim.com\/designer_freelancer\/wp-content\/uploads\/2016\/07\/publicacao_relatorio_anual_2014_comunitas-300x135.jpg 300w, https:\/\/danielajardim.com\/designer_freelancer\/wp-content\/uploads\/2016\/07\/publicacao_relatorio_anual_2014_comunitas-768x346.jpg 768w\" sizes=\"auto, (max-width: 1000px) 100vw, 1000px\" \/><\/p>\n<p style=\"text-align: center;\"><strong>Servi\u00e7os<\/strong>: Cria\u00e7\u00e3o do projeto gr\u00e1fico + capa + diagrama\u00e7\u00e3o + arte final | 56 p\u00e1ginas | Relat\u00f3rio Anual 2014<br \/>\n<strong>Cliente<\/strong>: Comunitas\u00a0\u2013 S\u00e3o Paulo\/SP<\/p>\n<\/p>\n<p><img loading=\"lazy\" decoding=\"async\" class=\"aligncenter wp-image-721 size-full\" title=\"Diagrama\u00e7\u00e3o: BISC Comunitas - Relat\u00f3rio 2014\" src=\"http:\/\/danielajardim.com\/designer_freelancer\/wp-content\/uploads\/2016\/07\/publicacao_bisc_relatorio_2014_comunitas.jpg\" alt=\"Diagrama\u00e7\u00e3o: BISC Comunitas - Relat\u00f3rio 2014\" width=\"1000\" height=\"450\" srcset=\"https:\/\/danielajardim.com\/designer_freelancer\/wp-content\/uploads\/2016\/07\/publicacao_bisc_relatorio_2014_comunitas.jpg 1000w, https:\/\/danielajardim.com\/designer_freelancer\/wp-content\/uploads\/2016\/07\/publicacao_bisc_relatorio_2014_comunitas-300x135.jpg 300w, https:\/\/danielajardim.com\/designer_freelancer\/wp-content\/uploads\/2016\/07\/publicacao_bisc_relatorio_2014_comunitas-768x346.jpg 768w\" sizes=\"auto, (max-width: 1000px) 100vw, 1000px\" \/><\/p>\n<p style=\"text-align: center;\"><strong>Servi\u00e7os<\/strong>: Cria\u00e7\u00e3o do projeto gr\u00e1fico + capa + diagrama\u00e7\u00e3o + arte final | 132 p\u00e1ginas | Relat\u00f3rio BISC 2014<br \/>\n<strong>Cliente<\/strong>: Comunitas \u2013 S\u00e3o Paulo\/SP<\/p>\n<\/p>\n<p><img loading=\"lazy\" decoding=\"async\" class=\"aligncenter wp-image-719 size-full\" title=\"Diagrama\u00e7\u00e3o: BISC Comunitas - Destaques 2014 \" src=\"http:\/\/danielajardim.com\/designer_freelancer\/wp-content\/uploads\/2016\/07\/publicacao_bisc_destaques_2014_comunitas.jpg\" alt=\"Diagrama\u00e7\u00e3o: BISC Comunitas - Destaques 2014 \" width=\"1000\" height=\"450\" srcset=\"https:\/\/danielajardim.com\/designer_freelancer\/wp-content\/uploads\/2016\/07\/publicacao_bisc_destaques_2014_comunitas.jpg 1000w, https:\/\/danielajardim.com\/designer_freelancer\/wp-content\/uploads\/2016\/07\/publicacao_bisc_destaques_2014_comunitas-300x135.jpg 300w, https:\/\/danielajardim.com\/designer_freelancer\/wp-content\/uploads\/2016\/07\/publicacao_bisc_destaques_2014_comunitas-768x346.jpg 768w\" sizes=\"auto, (max-width: 1000px) 100vw, 1000px\" \/><\/p>\n<p style=\"text-align: center;\"><strong>Servi\u00e7os<\/strong>: Cria\u00e7\u00e3o do projeto gr\u00e1fico + capa + diagrama\u00e7\u00e3o + arte final | 24 p\u00e1ginas | Vers\u00f5es em portugu\u00eas e ingl\u00eas | Destaques BISC 2014<br \/>\n<strong>Cliente<\/strong>: Comunitas\u00a0\u2013 S\u00e3o Paulo\/SP<\/p>\n<\/p>\n<\/p>\n<p><img loading=\"lazy\" decoding=\"async\" class=\"aligncenter wp-image-733 size-full\" title=\"Relat\u00f3rio Anual 2014 - Centro Ruth Cardoso, AlfaSol e UniSol\" src=\"http:\/\/danielajardim.com\/designer_freelancer\/wp-content\/uploads\/2016\/07\/publicacao_relatorio_anual_2014_centro_ruth_cardoso.jpg\" alt=\"Relat\u00f3rio Anual 2014 - Centro Ruth Cardoso, AlfaSol e UniSol\" width=\"1000\" height=\"450\" srcset=\"https:\/\/danielajardim.com\/designer_freelancer\/wp-content\/uploads\/2016\/07\/publicacao_relatorio_anual_2014_centro_ruth_cardoso.jpg 1000w, https:\/\/danielajardim.com\/designer_freelancer\/wp-content\/uploads\/2016\/07\/publicacao_relatorio_anual_2014_centro_ruth_cardoso-300x135.jpg 300w, https:\/\/danielajardim.com\/designer_freelancer\/wp-content\/uploads\/2016\/07\/publicacao_relatorio_anual_2014_centro_ruth_cardoso-768x346.jpg 768w\" sizes=\"auto, (max-width: 1000px) 100vw, 1000px\" \/><\/p>\n<p style=\"text-align: center;\"><strong>Servi\u00e7os<\/strong>: Cria\u00e7\u00e3o do projeto gr\u00e1fico + capa + diagrama\u00e7\u00e3o + arte final | 48 p\u00e1ginas | Relat\u00f3rio Anual 2014<br \/>\n<strong>Cliente<\/strong>: Centro Ruth Cardoso | AlfaSol | UniSol \u2013 S\u00e3o Paulo\/SP<\/p>\n<\/p>\n<p><img loading=\"lazy\" decoding=\"async\" class=\"aligncenter wp-image-725 size-full\" title=\"Diagrama\u00e7\u00e3o: Comida saud\u00e1vel, gostosa e da terra - Funda\u00e7\u00e3o Abrinq\" src=\"http:\/\/danielajardim.com\/designer_freelancer\/wp-content\/uploads\/2016\/07\/publicacao_comida_saudavel_fundacao_abrinq.jpg\" alt=\"Diagrama\u00e7\u00e3o: Comida saud\u00e1vel, gostosa e da terra - Funda\u00e7\u00e3o Abrinq\" width=\"1000\" height=\"450\" srcset=\"https:\/\/danielajardim.com\/designer_freelancer\/wp-content\/uploads\/2016\/07\/publicacao_comida_saudavel_fundacao_abrinq.jpg 1000w, https:\/\/danielajardim.com\/designer_freelancer\/wp-content\/uploads\/2016\/07\/publicacao_comida_saudavel_fundacao_abrinq-300x135.jpg 300w, https:\/\/danielajardim.com\/designer_freelancer\/wp-content\/uploads\/2016\/07\/publicacao_comida_saudavel_fundacao_abrinq-768x346.jpg 768w\" sizes=\"auto, (max-width: 1000px) 100vw, 1000px\" \/><\/p>\n<p style=\"text-align: center;\"><strong>Servi\u00e7os<\/strong>: Cria\u00e7\u00e3o do projeto gr\u00e1fico + capa + diagrama\u00e7\u00e3o + arte final | 62 p\u00e1ginas<br \/>\n<strong>Cliente<\/strong>: Funda\u00e7\u00e3o Abrinq \u2013 S\u00e3o Paulo\/SP<\/p>\n<\/p>\n<p><img loading=\"lazy\" decoding=\"async\" class=\"aligncenter wp-image-726 size-full\" title=\"Diagrama\u00e7\u00e3o: Crescer Aprendendo - Funda\u00e7\u00e3o Abrinq \" src=\"http:\/\/danielajardim.com\/designer_freelancer\/wp-content\/uploads\/2016\/07\/publicacao_crescer_aprendendo_fundacao_abrinq.jpg\" alt=\"Diagrama\u00e7\u00e3o: Crescer Aprendendo - Funda\u00e7\u00e3o Abrinq \" width=\"1000\" height=\"450\" srcset=\"https:\/\/danielajardim.com\/designer_freelancer\/wp-content\/uploads\/2016\/07\/publicacao_crescer_aprendendo_fundacao_abrinq.jpg 1000w, https:\/\/danielajardim.com\/designer_freelancer\/wp-content\/uploads\/2016\/07\/publicacao_crescer_aprendendo_fundacao_abrinq-300x135.jpg 300w, https:\/\/danielajardim.com\/designer_freelancer\/wp-content\/uploads\/2016\/07\/publicacao_crescer_aprendendo_fundacao_abrinq-768x346.jpg 768w\" sizes=\"auto, (max-width: 1000px) 100vw, 1000px\" \/><\/p>\n<p style=\"text-align: center;\"><strong>Servi\u00e7os<\/strong>: Cria\u00e7\u00e3o do projeto gr\u00e1fico + capa + diagrama\u00e7\u00e3o + arte final | 44 p\u00e1ginas<br \/>\n<strong>Cliente<\/strong>: Funda\u00e7\u00e3o Abrinq \u2013 S\u00e3o Paulo\/SP<\/p>\n<\/p>\n<p><img loading=\"lazy\" decoding=\"async\" class=\"aligncenter wp-image-727 size-full\" title=\"Diagrama\u00e7\u00e3o: Construindo o cuidado necess\u00e1rio para a mam\u00e3e e o seu beb\u00ea - Funda\u00e7\u00e3o Abrinq\" src=\"http:\/\/danielajardim.com\/designer_freelancer\/wp-content\/uploads\/2016\/07\/publicacao_cuidado_mamae_bebe_fundacao_abrinq.jpg\" alt=\"Diagrama\u00e7\u00e3o: Construindo o cuidado necess\u00e1rio para a mam\u00e3e e o seu beb\u00ea - Funda\u00e7\u00e3o Abrinq\" width=\"1000\" height=\"450\" srcset=\"https:\/\/danielajardim.com\/designer_freelancer\/wp-content\/uploads\/2016\/07\/publicacao_cuidado_mamae_bebe_fundacao_abrinq.jpg 1000w, https:\/\/danielajardim.com\/designer_freelancer\/wp-content\/uploads\/2016\/07\/publicacao_cuidado_mamae_bebe_fundacao_abrinq-300x135.jpg 300w, https:\/\/danielajardim.com\/designer_freelancer\/wp-content\/uploads\/2016\/07\/publicacao_cuidado_mamae_bebe_fundacao_abrinq-768x346.jpg 768w\" sizes=\"auto, (max-width: 1000px) 100vw, 1000px\" \/><\/p>\n<p style=\"text-align: center;\"><strong>Servi\u00e7os<\/strong>: Cria\u00e7\u00e3o do projeto gr\u00e1fico + capa + diagrama\u00e7\u00e3o + arte final | 72 p\u00e1ginas<br \/>\n<strong>Cliente<\/strong>: Funda\u00e7\u00e3o Abrinq \u2013 S\u00e3o Paulo\/SP<\/p>\n<\/p>\n<p><img loading=\"lazy\" decoding=\"async\" class=\"aligncenter wp-image-728 size-full\" title=\"Diagrama\u00e7\u00e3o: Guia pr\u00e1tico de redu\u00e7\u00e3o de riscos de desastres - Funda\u00e7\u00e3o Abrinq\" src=\"http:\/\/danielajardim.com\/designer_freelancer\/wp-content\/uploads\/2016\/07\/publicacao_guia_reducao_riscos_de_desastres_fundacao_abrinq.jpg\" alt=\"Diagrama\u00e7\u00e3o: Guia pr\u00e1tico de redu\u00e7\u00e3o de riscos de desastres - Funda\u00e7\u00e3o Abrinq\" width=\"1000\" height=\"450\" srcset=\"https:\/\/danielajardim.com\/designer_freelancer\/wp-content\/uploads\/2016\/07\/publicacao_guia_reducao_riscos_de_desastres_fundacao_abrinq.jpg 1000w, https:\/\/danielajardim.com\/designer_freelancer\/wp-content\/uploads\/2016\/07\/publicacao_guia_reducao_riscos_de_desastres_fundacao_abrinq-300x135.jpg 300w, https:\/\/danielajardim.com\/designer_freelancer\/wp-content\/uploads\/2016\/07\/publicacao_guia_reducao_riscos_de_desastres_fundacao_abrinq-768x346.jpg 768w\" sizes=\"auto, (max-width: 1000px) 100vw, 1000px\" \/><\/p>\n<p style=\"text-align: center;\"><strong>Servi\u00e7os<\/strong>: Cria\u00e7\u00e3o do projeto gr\u00e1fico + capa + diagrama\u00e7\u00e3o + arte final | 56 p\u00e1ginas<br \/>\n<strong>Cliente<\/strong>: Funda\u00e7\u00e3o Abrinq \u2013 S\u00e3o Paulo\/SP<\/p>\n<\/p>\n<p><img loading=\"lazy\" decoding=\"async\" class=\"aligncenter wp-image-730 size-full\" title=\"Diagrama\u00e7\u00e3o: Cat\u00e1logo - Projeto Minha Escola, Meu Cinema - Funda\u00e7\u00e3o Abrinq\" src=\"http:\/\/danielajardim.com\/designer_freelancer\/wp-content\/uploads\/2016\/07\/publicacao_minha_escola_meu_cinema_fundacao_abrinq.jpg\" alt=\"Diagrama\u00e7\u00e3o: Cat\u00e1logo - Projeto Minha Escola, Meu Cinema - Funda\u00e7\u00e3o Abrinq\" width=\"1000\" height=\"450\" srcset=\"https:\/\/danielajardim.com\/designer_freelancer\/wp-content\/uploads\/2016\/07\/publicacao_minha_escola_meu_cinema_fundacao_abrinq.jpg 1000w, https:\/\/danielajardim.com\/designer_freelancer\/wp-content\/uploads\/2016\/07\/publicacao_minha_escola_meu_cinema_fundacao_abrinq-300x135.jpg 300w, https:\/\/danielajardim.com\/designer_freelancer\/wp-content\/uploads\/2016\/07\/publicacao_minha_escola_meu_cinema_fundacao_abrinq-768x346.jpg 768w\" sizes=\"auto, (max-width: 1000px) 100vw, 1000px\" \/><\/p>\n<p style=\"text-align: center;\"><strong>Servi\u00e7os<\/strong>: Cria\u00e7\u00e3o do projeto gr\u00e1fico + capa + diagrama\u00e7\u00e3o + arte final | 64 p\u00e1ginas<br \/>\n<strong>Cliente<\/strong>: Funda\u00e7\u00e3o Abrinq \u2013 S\u00e3o Paulo\/SP<\/p>\n<\/p>\n<p><img loading=\"lazy\" decoding=\"async\" class=\"aligncenter wp-image-731 size-full\" title=\"Diagrama\u00e7\u00e3o: Projeto Planeta Musical - Funda\u00e7\u00e3o Abrinq\" src=\"http:\/\/danielajardim.com\/designer_freelancer\/wp-content\/uploads\/2016\/07\/publicacao_planeta_musical_fundacao_abrinq.jpg\" alt=\"Diagrama\u00e7\u00e3o: Projeto Planeta Musical - Funda\u00e7\u00e3o Abrinq\" width=\"1000\" height=\"450\" srcset=\"https:\/\/danielajardim.com\/designer_freelancer\/wp-content\/uploads\/2016\/07\/publicacao_planeta_musical_fundacao_abrinq.jpg 1000w, https:\/\/danielajardim.com\/designer_freelancer\/wp-content\/uploads\/2016\/07\/publicacao_planeta_musical_fundacao_abrinq-300x135.jpg 300w, https:\/\/danielajardim.com\/designer_freelancer\/wp-content\/uploads\/2016\/07\/publicacao_planeta_musical_fundacao_abrinq-768x346.jpg 768w\" sizes=\"auto, (max-width: 1000px) 100vw, 1000px\" \/><\/p>\n<p style=\"text-align: center;\"><strong>Servi\u00e7os<\/strong>: Cria\u00e7\u00e3o do projeto gr\u00e1fico + capa + diagrama\u00e7\u00e3o + arte final | 40 p\u00e1ginas<br \/>\n<strong>Cliente<\/strong>: Funda\u00e7\u00e3o Abrinq \u2013 S\u00e3o Paulo\/SP<br \/>\n<a href=\"https:\/\/issuu.com\/fundacaojulita\/docs\/livro_-_planeta_musical_funda____o_\" target=\"_blank\" rel=\"noopener noreferrer\">Visualize a publica\u00e7\u00e3o completa em pdf<\/a><\/p>\n<\/p>\n<p><img loading=\"lazy\" decoding=\"async\" class=\"aligncenter wp-image-1165 size-full\" title=\"Diagrama\u00e7\u00e3o: Guia Programa Prefeito Amigo da Crian\u00e7a 2017-2020 | Funda\u00e7\u00e3o Abrinq\" src=\"http:\/\/danielajardim.com\/designer_freelancer\/wp-content\/uploads\/2016\/07\/diagramacao_guia_prefeito_amigo_crianca_fundacao_abrinq_design_grafico.gif\" alt=\"Diagrama\u00e7\u00e3o: Guia Programa Prefeito Amigo da Crian\u00e7a 2017-2020 | Funda\u00e7\u00e3o Abrinq\" width=\"1000\" height=\"450\" \/><\/p>\n<p style=\"text-align: center;\"><strong>Servi\u00e7os<\/strong>: Diagrama\u00e7\u00e3o + arte final | 28 p\u00e1ginas<br \/>\n<strong>Cliente<\/strong>: Funda\u00e7\u00e3o Abrinq \u2013 S\u00e3o Paulo\/SP<\/p>\n<p style=\"text-align: center;\">\n<p>\u00a0 <img loading=\"lazy\" decoding=\"async\" class=\"aligncenter wp-image-1311 size-full\" title=\"Publica\u00e7\u00e3o: Revista Acad\u00eamica Veredas - UNISA - Universidade Santo Amaro - 2018\" src=\"http:\/\/danielajardim.com\/designer_freelancer\/wp-content\/uploads\/2016\/07\/unisa_revista_veredas.gif\" alt=\"Publica\u00e7\u00e3o: Revista Acad\u00eamica Veredas - UNISA - Universidade Santo Amaro - 2018\" width=\"1000\" height=\"450\" \/><\/p>\n<p style=\"text-align: center;\"><strong>Servi\u00e7os<\/strong>: Cria\u00e7\u00e3o do projeto gr\u00e1fico + diagrama\u00e7\u00e3o + arte final | 272 p\u00e1ginas | Vers\u00e3o em ingl\u00eas e portugu\u00eas | Revista Acad\u00eamica Veredas - 2018<br \/>\n<strong>Cliente<\/strong>: UNISA\u00a0 \u2013 Universidade Santo Amaro \u2013 S\u00e3o Paulo\/SP<\/p>\n<p style=\"text-align: center;\">\n<\/p>\n<p><img loading=\"lazy\" decoding=\"async\" class=\"aligncenter wp-image-729 size-full\" title=\"Publica\u00e7\u00e3o: Lao QiGong - Master Cai Wen Yu - Vers\u00e3o em Ingl\u00eas \" src=\"http:\/\/danielajardim.com\/designer_freelancer\/wp-content\/uploads\/2016\/07\/publicacao_livro_lao_qigong_ingles_cai_wen_yu.jpg\" alt=\"Publica\u00e7\u00e3o: Lao QiGong - Master Cai Wen Yu - Vers\u00e3o em Ingl\u00eas \" width=\"1000\" height=\"450\" srcset=\"https:\/\/danielajardim.com\/designer_freelancer\/wp-content\/uploads\/2016\/07\/publicacao_livro_lao_qigong_ingles_cai_wen_yu.jpg 1000w, https:\/\/danielajardim.com\/designer_freelancer\/wp-content\/uploads\/2016\/07\/publicacao_livro_lao_qigong_ingles_cai_wen_yu-300x135.jpg 300w, https:\/\/danielajardim.com\/designer_freelancer\/wp-content\/uploads\/2016\/07\/publicacao_livro_lao_qigong_ingles_cai_wen_yu-768x346.jpg 768w\" sizes=\"auto, (max-width: 1000px) 100vw, 1000px\" \/><\/p>\n<p style=\"text-align: center;\"><strong>Servi\u00e7os<\/strong>: Cria\u00e7\u00e3o do projeto gr\u00e1fico + capa + diagrama\u00e7\u00e3o + arte final | 126 p\u00e1ginas | Vers\u00e3o em ingl\u00eas e portugu\u00eas<br \/>\n<strong>Cliente<\/strong>: Mestre Cai Wen Yu\u00a0\u2013 S\u00e3o Paulo\/SP<\/p>\n<\/p>\n<p><a href=\"http:\/\/danielajardim.com\/designer_freelancer\/depoimentos-web-design-grafico\/\"><img loading=\"lazy\" decoding=\"async\" class=\"aligncenter wp-image-1076 size-full\" title=\"Leia + depoimentos de clientes\" src=\"http:\/\/danielajardim.com\/designer_freelancer\/wp-content\/uploads\/2018\/01\/aspas_depoimentos_clientes_designer_grafico_freelancer.gif\" alt=\"Leia + depoimentos de clientes\" width=\"92\" height=\"92\" \/><\/a><\/p>\n<h4 style=\"line-height: 35px; font-size: 23px !important; text-align: center;\"><em>A Daniela e o Rene s\u00e3o \u00f3timos profissionais, pois sempre nos atende com muita simpatia, organiza\u00e7\u00e3o e cumprem os prazos solicitados, apresentando projetos inovadores e explicando detalhes da cria\u00e7\u00e3o. E caso eles n\u00e3o possam nos atender no prazo que precisamos, dizem claramente o porque n\u00e3o conseguir\u00e3o. O que nos deixa tranquilos, pois preferimos ter a certeza de que o profissional \u00e9 sincero e podemos contar com ele. Parab\u00e9ns pelo trabalho e obrigada!<\/em><\/h4>\n<p style=\"font-size: 15px; text-align: center;\"><strong>GISLAINE CARVALHO<\/strong><br \/>\nFunda\u00e7\u00e3o Abrinq<\/p>\n<p style=\"font-size: 25px; text-align: center;\"><em><strong><a title=\"Leia + de 40 depoimentos!\" href=\"http:\/\/danielajardim.com\/designer_freelancer\/depoimentos-web-design-grafico\/\">Leia + de 40 depoimentos!<\/a><\/strong><\/em><\/p>\n<p style=\"text-align: center;\">\n<p style=\"text-align: center;\"><a href=\"http:\/\/danielajardim.com\/designer_freelancer\/contratar_web_design_grafico\/\" class=\"btn button btn-shortcode kad-btn kad-btn-primary\" id=\"kadbtn68\" target=\"_self\" style=\"color:#FFF;\">Solicite um or\u00e7amento<\/a>\n<\/div><\/div>","protected":false},"excerpt":{"rendered":"<p>O design editorial \u00e9 a nossa especialidade e o tipo de servi\u00e7o que mais gostamos de fazer! Nos \u00faltimos 25 anos, fizemos a cria\u00e7\u00e3o do projeto gr\u00e1fico e a diagrama\u00e7\u00e3o de diversos tipos de publica\u00e7\u00f5es, como: relat\u00f3rios anuais de atividades, &hellip; <a href=\"https:\/\/danielajardim.com\/designer_freelancer\/portfolio\/diagramacao-revistas-jornais-design-grafico\/\">Conte\u00fado<\/a><\/p>\n","protected":false},"author":1,"featured_media":0,"menu_order":0,"comment_status":"closed","ping_status":"closed","template":"","meta":{"_monsterinsights_skip_tracking":false,"_monsterinsights_sitenote_active":false,"_monsterinsights_sitenote_note":"","_monsterinsights_sitenote_category":0},"portfolio-type":[11],"class_list":["post-718","portfolio","type-portfolio","status-publish","hentry","portfolio-type-diagramacao"],"yoast_head":"<!-- This site is optimized with the Yoast SEO plugin v27.2 - https:\/\/yoast.com\/product\/yoast-seo-wordpress\/ -->\n<title>Design Editorial e Diagrama\u00e7\u00e3o | Experi\u00eancia de 25 anos<\/title>\n<meta name=\"description\" content=\"Cria\u00e7\u00e3o do projeto gr\u00e1fico, diagrama\u00e7\u00e3o e editora\u00e7\u00e3o eletr\u00f4nica de relat\u00f3rio anual, cartilhas, capas, livros, guias, revistas acad\u00eamicas, jornal, GRI etc\" \/>\n<meta name=\"robots\" content=\"index, follow, max-snippet:-1, max-image-preview:large, max-video-preview:-1\" \/>\n<link rel=\"canonical\" href=\"https:\/\/danielajardim.com\/designer_freelancer\/portfolio\/diagramacao-revistas-jornais-design-grafico\/\" \/>\n<meta property=\"og:locale\" content=\"pt_BR\" \/>\n<meta property=\"og:type\" content=\"article\" \/>\n<meta property=\"og:title\" content=\"Design Editorial e Diagrama\u00e7\u00e3o | Experi\u00eancia de 25 anos\" \/>\n<meta property=\"og:description\" content=\"Cria\u00e7\u00e3o do projeto gr\u00e1fico, diagrama\u00e7\u00e3o e editora\u00e7\u00e3o eletr\u00f4nica de relat\u00f3rio anual, cartilhas, capas, livros, guias, revistas acad\u00eamicas, jornal, GRI etc\" \/>\n<meta property=\"og:url\" content=\"https:\/\/danielajardim.com\/designer_freelancer\/portfolio\/diagramacao-revistas-jornais-design-grafico\/\" \/>\n<meta property=\"og:site_name\" content=\"Daniela Jardim &amp; Rene Bueno\" \/>\n<meta property=\"article:modified_time\" content=\"2025-06-15T20:53:56+00:00\" \/>\n<meta property=\"og:image\" content=\"https:\/\/danielajardim.com\/designer_freelancer\/wp-content\/uploads\/2016\/07\/diagramacao_boletim_aasp_2019_design_grafico.gif\" \/>\n\t<meta property=\"og:image:width\" content=\"1000\" \/>\n\t<meta property=\"og:image:height\" content=\"450\" \/>\n\t<meta property=\"og:image:type\" content=\"image\/gif\" \/>\n<meta name=\"twitter:card\" content=\"summary_large_image\" \/>\n<meta name=\"twitter:label1\" content=\"Est. tempo de leitura\" \/>\n\t<meta name=\"twitter:data1\" content=\"7 minutos\" \/>\n<script type=\"application\/ld+json\" class=\"yoast-schema-graph\">{\"@context\":\"https:\/\/schema.org\",\"@graph\":[{\"@type\":\"WebPage\",\"@id\":\"https:\/\/danielajardim.com\/designer_freelancer\/portfolio\/diagramacao-revistas-jornais-design-grafico\/\",\"url\":\"https:\/\/danielajardim.com\/designer_freelancer\/portfolio\/diagramacao-revistas-jornais-design-grafico\/\",\"name\":\"Design Editorial e Diagrama\u00e7\u00e3o | Experi\u00eancia de 25 anos\",\"isPartOf\":{\"@id\":\"https:\/\/danielajardim.com\/designer_freelancer\/#website\"},\"primaryImageOfPage\":{\"@id\":\"https:\/\/danielajardim.com\/designer_freelancer\/portfolio\/diagramacao-revistas-jornais-design-grafico\/#primaryimage\"},\"image\":{\"@id\":\"https:\/\/danielajardim.com\/designer_freelancer\/portfolio\/diagramacao-revistas-jornais-design-grafico\/#primaryimage\"},\"thumbnailUrl\":\"http:\/\/danielajardim.com\/designer_freelancer\/wp-content\/uploads\/2016\/07\/diagramacao_boletim_aasp_2019_design_grafico.gif\",\"datePublished\":\"2016-07-20T22:41:33+00:00\",\"dateModified\":\"2025-06-15T20:53:56+00:00\",\"description\":\"Cria\u00e7\u00e3o do projeto gr\u00e1fico, diagrama\u00e7\u00e3o e editora\u00e7\u00e3o eletr\u00f4nica de relat\u00f3rio anual, cartilhas, capas, livros, guias, revistas acad\u00eamicas, jornal, GRI etc\",\"breadcrumb\":{\"@id\":\"https:\/\/danielajardim.com\/designer_freelancer\/portfolio\/diagramacao-revistas-jornais-design-grafico\/#breadcrumb\"},\"inLanguage\":\"pt-BR\",\"potentialAction\":[{\"@type\":\"ReadAction\",\"target\":[\"https:\/\/danielajardim.com\/designer_freelancer\/portfolio\/diagramacao-revistas-jornais-design-grafico\/\"]}]},{\"@type\":\"ImageObject\",\"inLanguage\":\"pt-BR\",\"@id\":\"https:\/\/danielajardim.com\/designer_freelancer\/portfolio\/diagramacao-revistas-jornais-design-grafico\/#primaryimage\",\"url\":\"http:\/\/danielajardim.com\/designer_freelancer\/wp-content\/uploads\/2016\/07\/diagramacao_boletim_aasp_2019_design_grafico.gif\",\"contentUrl\":\"http:\/\/danielajardim.com\/designer_freelancer\/wp-content\/uploads\/2016\/07\/diagramacao_boletim_aasp_2019_design_grafico.gif\"},{\"@type\":\"BreadcrumbList\",\"@id\":\"https:\/\/danielajardim.com\/designer_freelancer\/portfolio\/diagramacao-revistas-jornais-design-grafico\/#breadcrumb\",\"itemListElement\":[{\"@type\":\"ListItem\",\"position\":1,\"name\":\"Home\",\"item\":\"https:\/\/danielajardim.com\/designer_freelancer\/\"},{\"@type\":\"ListItem\",\"position\":2,\"name\":\"Cria\u00e7\u00e3o do projeto gr\u00e1fico e diagrama\u00e7\u00e3o de publica\u00e7\u00f5es\"}]},{\"@type\":\"WebSite\",\"@id\":\"https:\/\/danielajardim.com\/designer_freelancer\/#website\",\"url\":\"https:\/\/danielajardim.com\/designer_freelancer\/\",\"name\":\"Daniela Jardim &amp; Rene Bueno\",\"description\":\"Design Gr\u00e1fico e Diagrama\u00e7\u00e3o Freelancer\",\"potentialAction\":[{\"@type\":\"SearchAction\",\"target\":{\"@type\":\"EntryPoint\",\"urlTemplate\":\"https:\/\/danielajardim.com\/designer_freelancer\/?s={search_term_string}\"},\"query-input\":{\"@type\":\"PropertyValueSpecification\",\"valueRequired\":true,\"valueName\":\"search_term_string\"}}],\"inLanguage\":\"pt-BR\"}]}<\/script>\n<!-- \/ Yoast SEO plugin. -->","yoast_head_json":{"title":"Design Editorial e Diagrama\u00e7\u00e3o | Experi\u00eancia de 25 anos","description":"Cria\u00e7\u00e3o do projeto gr\u00e1fico, diagrama\u00e7\u00e3o e editora\u00e7\u00e3o eletr\u00f4nica de relat\u00f3rio anual, cartilhas, capas, livros, guias, revistas acad\u00eamicas, jornal, GRI etc","robots":{"index":"index","follow":"follow","max-snippet":"max-snippet:-1","max-image-preview":"max-image-preview:large","max-video-preview":"max-video-preview:-1"},"canonical":"https:\/\/danielajardim.com\/designer_freelancer\/portfolio\/diagramacao-revistas-jornais-design-grafico\/","og_locale":"pt_BR","og_type":"article","og_title":"Design Editorial e Diagrama\u00e7\u00e3o | Experi\u00eancia de 25 anos","og_description":"Cria\u00e7\u00e3o do projeto gr\u00e1fico, diagrama\u00e7\u00e3o e editora\u00e7\u00e3o eletr\u00f4nica de relat\u00f3rio anual, cartilhas, capas, livros, guias, revistas acad\u00eamicas, jornal, GRI etc","og_url":"https:\/\/danielajardim.com\/designer_freelancer\/portfolio\/diagramacao-revistas-jornais-design-grafico\/","og_site_name":"Daniela Jardim &amp; Rene Bueno","article_modified_time":"2025-06-15T20:53:56+00:00","og_image":[{"width":1000,"height":450,"url":"https:\/\/danielajardim.com\/designer_freelancer\/wp-content\/uploads\/2016\/07\/diagramacao_boletim_aasp_2019_design_grafico.gif","type":"image\/gif"}],"twitter_card":"summary_large_image","twitter_misc":{"Est. tempo de leitura":"7 minutos"},"schema":{"@context":"https:\/\/schema.org","@graph":[{"@type":"WebPage","@id":"https:\/\/danielajardim.com\/designer_freelancer\/portfolio\/diagramacao-revistas-jornais-design-grafico\/","url":"https:\/\/danielajardim.com\/designer_freelancer\/portfolio\/diagramacao-revistas-jornais-design-grafico\/","name":"Design Editorial e Diagrama\u00e7\u00e3o | Experi\u00eancia de 25 anos","isPartOf":{"@id":"https:\/\/danielajardim.com\/designer_freelancer\/#website"},"primaryImageOfPage":{"@id":"https:\/\/danielajardim.com\/designer_freelancer\/portfolio\/diagramacao-revistas-jornais-design-grafico\/#primaryimage"},"image":{"@id":"https:\/\/danielajardim.com\/designer_freelancer\/portfolio\/diagramacao-revistas-jornais-design-grafico\/#primaryimage"},"thumbnailUrl":"http:\/\/danielajardim.com\/designer_freelancer\/wp-content\/uploads\/2016\/07\/diagramacao_boletim_aasp_2019_design_grafico.gif","datePublished":"2016-07-20T22:41:33+00:00","dateModified":"2025-06-15T20:53:56+00:00","description":"Cria\u00e7\u00e3o do projeto gr\u00e1fico, diagrama\u00e7\u00e3o e editora\u00e7\u00e3o eletr\u00f4nica de relat\u00f3rio anual, cartilhas, capas, livros, guias, revistas acad\u00eamicas, jornal, GRI etc","breadcrumb":{"@id":"https:\/\/danielajardim.com\/designer_freelancer\/portfolio\/diagramacao-revistas-jornais-design-grafico\/#breadcrumb"},"inLanguage":"pt-BR","potentialAction":[{"@type":"ReadAction","target":["https:\/\/danielajardim.com\/designer_freelancer\/portfolio\/diagramacao-revistas-jornais-design-grafico\/"]}]},{"@type":"ImageObject","inLanguage":"pt-BR","@id":"https:\/\/danielajardim.com\/designer_freelancer\/portfolio\/diagramacao-revistas-jornais-design-grafico\/#primaryimage","url":"http:\/\/danielajardim.com\/designer_freelancer\/wp-content\/uploads\/2016\/07\/diagramacao_boletim_aasp_2019_design_grafico.gif","contentUrl":"http:\/\/danielajardim.com\/designer_freelancer\/wp-content\/uploads\/2016\/07\/diagramacao_boletim_aasp_2019_design_grafico.gif"},{"@type":"BreadcrumbList","@id":"https:\/\/danielajardim.com\/designer_freelancer\/portfolio\/diagramacao-revistas-jornais-design-grafico\/#breadcrumb","itemListElement":[{"@type":"ListItem","position":1,"name":"Home","item":"https:\/\/danielajardim.com\/designer_freelancer\/"},{"@type":"ListItem","position":2,"name":"Cria\u00e7\u00e3o do projeto gr\u00e1fico e diagrama\u00e7\u00e3o de publica\u00e7\u00f5es"}]},{"@type":"WebSite","@id":"https:\/\/danielajardim.com\/designer_freelancer\/#website","url":"https:\/\/danielajardim.com\/designer_freelancer\/","name":"Daniela Jardim &amp; Rene Bueno","description":"Design Gr\u00e1fico e Diagrama\u00e7\u00e3o Freelancer","potentialAction":[{"@type":"SearchAction","target":{"@type":"EntryPoint","urlTemplate":"https:\/\/danielajardim.com\/designer_freelancer\/?s={search_term_string}"},"query-input":{"@type":"PropertyValueSpecification","valueRequired":true,"valueName":"search_term_string"}}],"inLanguage":"pt-BR"}]}},"_links":{"self":[{"href":"https:\/\/danielajardim.com\/designer_freelancer\/wp-json\/wp\/v2\/portfolio\/718","targetHints":{"allow":["GET"]}}],"collection":[{"href":"https:\/\/danielajardim.com\/designer_freelancer\/wp-json\/wp\/v2\/portfolio"}],"about":[{"href":"https:\/\/danielajardim.com\/designer_freelancer\/wp-json\/wp\/v2\/types\/portfolio"}],"author":[{"embeddable":true,"href":"https:\/\/danielajardim.com\/designer_freelancer\/wp-json\/wp\/v2\/users\/1"}],"replies":[{"embeddable":true,"href":"https:\/\/danielajardim.com\/designer_freelancer\/wp-json\/wp\/v2\/comments?post=718"}],"wp:attachment":[{"href":"https:\/\/danielajardim.com\/designer_freelancer\/wp-json\/wp\/v2\/media?parent=718"}],"wp:term":[{"taxonomy":"portfolio-type","embeddable":true,"href":"https:\/\/danielajardim.com\/designer_freelancer\/wp-json\/wp\/v2\/portfolio-type?post=718"}],"curies":[{"name":"wp","href":"https:\/\/api.w.org\/{rel}","templated":true}]}}