{"id":1399,"date":"2021-09-19T16:49:00","date_gmt":"2021-09-19T19:49:00","guid":{"rendered":"https:\/\/danielajardim.com\/designer_freelancer\/?page_id=1399"},"modified":"2021-09-19T16:55:30","modified_gmt":"2021-09-19T19:55:30","slug":"politica-de-privacidade","status":"publish","type":"page","link":"https:\/\/danielajardim.com\/designer_freelancer\/politica-de-privacidade\/","title":{"rendered":"Pol\u00edtica de Privacidade"},"content":{"rendered":"<div id=\"dslc-theme-content\"><div id=\"dslc-theme-content-inner\">\n<h3>Introdu\u00e7\u00e3o<\/h3>\n<p>A BUENO E JARDIM DESIGN GR\u00c1FICO LTDA ME, respeita sua privacidade e est\u00e1 comprometida em proteger seus dados pessoais. Leia atentamente esta Pol\u00edtica, que descreve por que e como coletamos e tratamos seus dados pessoais, bem como fornece detalhes sobre seus direitos. Caso discorde de qualquer uma das disposi\u00e7\u00f5es previstas nesta Pol\u00edtica de Privacidade, recomenda-se n\u00e3o prosseguir utilizando o site ou com o envio de seus dados pessoais.<\/p>\n<div class=\"space_40 clearfix\"><\/div>\n<h3>Dados do Controlador<\/h3>\n<p>Este site \u00e9 controlado pela BUENO E JARDIM DESIGN GR\u00c1FICO LTDA ME, CNPJ n\u00ba 12.236.285\/0001-43.<\/p>\n<div class=\"space_40 clearfix\"><\/div>\n<h3>Dados pessoais coletados<\/h3>\n<ul>\n<li>Nome;<\/li>\n<li>E-mail;<\/li>\n<li>Telefone;<\/li>\n<li>Tipo de neg\u00f3cio;<\/li>\n<li>Porte do neg\u00f3cio.<\/li>\n<\/ul>\n<p>Todos os dados e informa\u00e7\u00f5es coletados no site s\u00e3o concedidos voluntariamente pelos usu\u00e1rios, mediante pr\u00e9via autoriza\u00e7\u00e3o, atrav\u00e9s dos formul\u00e1rios e campos devidamente identificados.<\/p>\n<div class=\"space_40 clearfix\"><\/div>\n<h3>Aviso de cookies<\/h3>\n<p>A BUENO E JARDIM poder\u00e1 adotar tecnologias de coleta de dados anal\u00edticos, para melhorar o desempenho e experi\u00eancia dos usu\u00e1rios com o site. Esse recurso serve para sabermos qual \u00e9 a quantidade de visitantes \u00fanicos que o nosso site recebe e sua origem. Os dados anal\u00edticos s\u00e3o an\u00f4nimos, de modo que n\u00e3o \u00e9 poss\u00edvel a identifica\u00e7\u00e3o do titular a eles relacionada.<\/p>\n<h4>GOOGLE<\/h4>\n<p>N\u00f3s utilizamos o Google Analytics em nossa p\u00e1gina, e seus cookies permitem ao Google, e n\u00e3o \u00e0 BUENO E JARDIM, a cria\u00e7\u00e3o de an\u00fancios baseados nos seguintes dados:<\/p>\n<ul>\n<li>criar p\u00fablicos de remarketing com base em informa\u00e7\u00f5es demogr\u00e1ficas e dados de interesses e de comportamento espec\u00edficos, al\u00e9m de compartilhar essas listas com o Google Ads;<\/li>\n<li>usar informa\u00e7\u00f5es demogr\u00e1ficas e dados de interesses nos seus relat\u00f3rios do Google Analytics;<\/li>\n<li>criar segmentos com base em dados de interesses e informa\u00e7\u00f5es demogr\u00e1ficas.<\/li>\n<\/ul>\n<div class=\"space_40 clearfix\"><\/div>\n<h3>Por que coletamos ou tratamos seus dados<\/h3>\n<p>Somente usaremos seus dados pessoais se permitido por lei. Os dados pessoais coletados ser\u00e3o utilizados para as seguintes finalidades espec\u00edficas:<\/p>\n<ul>\n<li>Realiza\u00e7\u00e3o de contato e envio de or\u00e7amentos.<\/li>\n<\/ul>\n<div class=\"space_40 clearfix\"><\/div>\n<h3>Com quem compartilhamos seus dados pessoais<\/h3>\n<p>N\u00e3o compartilharemos os seus dados pessoais com ningu\u00e9m que n\u00e3o trabalhe diretamente na BUENO E JARDIM ou que n\u00e3o preste servi\u00e7os de armazenamento de dados para a BUENO E JARDIM, exceto nos seguintes casos:<\/p>\n<ul>\n<li>em que o pr\u00f3prio servi\u00e7o ou produto contratado, em sua ess\u00eancia, envolva o compartilhamento de dados;<\/li>\n<li>para recomenda\u00e7\u00e3o de outros designers gr\u00e1ficos, quando n\u00e3o tivermos disponibilidade para realizar os servi\u00e7os;<\/li>\n<li>de obrigatoriedade de compartilhamento ou disponibiliza\u00e7\u00e3o dos dados a \u00f3rg\u00e3os da administra\u00e7\u00e3o p\u00fablica federal, estadual ou municipal;<\/li>\n<li>por cumprimento a ordens judiciais, conforme previsto em leis, normas, decretos ou regulamentos.<\/li>\n<\/ul>\n<p>Seus dados pessoais jamais ser\u00e3o vendidos a terceiros, podendo ser disponibilizados ou divulgados t\u00e3o somente para as finalidades definidas nesta Pol\u00edtica de Privacidade.<\/p>\n<div class=\"space_40 clearfix\"><\/div>\n<h3>Bases legais do tratamento dos dados pessoais<\/h3>\n<p>A Legisla\u00e7\u00e3o de Prote\u00e7\u00e3o de Dados exige que sejam atendidas determinadas condi\u00e7\u00f5es antes de termos permiss\u00e3o para usar seus dados da maneira descrita nesta Pol\u00edtica, incluindo ter uma base legal para o tratamento.<\/p>\n<p>A base para o tratamento ser\u00e1 a seguinte:<\/p>\n<ul>\n<li>Consentimento. Voc\u00ea nos deu seu consentimento para o processamento de seus dados pessoais para uma finalidade determinada.<\/li>\n<li>Contrato. O tratamento \u00e9 necess\u00e1rio para a execu\u00e7\u00e3o de um contrato ou para tomar medidas preliminares a um contrato.<\/li>\n<\/ul>\n<div class=\"space_40 clearfix\"><\/div>\n<h3>Transfer\u00eancias para outras jurisdi\u00e7\u00f5es<\/h3>\n<p>O uso do nosso site n\u00e3o envolve a transfer\u00eancia, armazenamento e tratamento de suas informa\u00e7\u00f5es pessoais fora do Brasil.<\/p>\n<div class=\"space_40 clearfix\"><\/div>\n<h3>Seguran\u00e7a da informa\u00e7\u00e3o<\/h3>\n<p>A BUENO E JARDIM armazena e mant\u00e9m os dados pessoais coletados em ambientes seguros e controlados, permitindo acesso somente aos colaboradores que efetivamente precisarem de acesso a tais informa\u00e7\u00f5es para a execu\u00e7\u00e3o dos contratos firmados com a BUENO E JARDIM e para as finalidades disciplinadas acima, empregando sistemas de seguran\u00e7a e procedimentos t\u00e9cnicos, f\u00edsicos e gerenciais adequados para resguardar a confidencialidade, integridade e disponibilidade da informa\u00e7\u00e3o. Como a transmiss\u00e3o de informa\u00e7\u00f5es pela internet n\u00e3o \u00e9 totalmente segura, existem riscos de seguran\u00e7a na transmiss\u00e3o dos seus dados ao nosso site, embora cuidemos para proteger os seus dados pessoais. Assim que recebermos suas informa\u00e7\u00f5es, usaremos procedimentos r\u00edgidos e recursos de seguran\u00e7a para impedir o acesso n\u00e3o autorizado.<\/p>\n<div class=\"space_40 clearfix\"><\/div>\n<h3>Reten\u00e7\u00e3o dos dados<\/h3>\n<p>Os dados pessoais ser\u00e3o mantidos pelo prazo necess\u00e1rio para atender as finalidades definidas nesta Pol\u00edtica de Privacidade.<\/p>\n<div class=\"space_40 clearfix\"><\/div>\n<h3>Seus direitos<\/h3>\n<p>Sob certas circunst\u00e2ncias, voc\u00ea pode ter os seguintes direitos, conforme a legisla\u00e7\u00e3o de prote\u00e7\u00e3o de dados em rela\u00e7\u00e3o aos seus dados pessoais:<\/p>\n<ul>\n<li>Direito de confirmar a exist\u00eancia de tratamento de seus dados pessoais;<\/li>\n<li>Direito de solicitar acesso aos seus dados pessoais;<\/li>\n<li>Direito de solicitar corre\u00e7\u00e3o de seus dados pessoais;<\/li>\n<li>Direito de solicitar a elimina\u00e7\u00e3o dos seus dados pessoais;<\/li>\n<li>Direito de solicitar anonimiza\u00e7\u00e3o de seus dados pessoais;<\/li>\n<li>Direito de se opor ao tratamento dos seus dados pessoais;<\/li>\n<li>Direito de solicitar restri\u00e7\u00e3o de tratamento dos seus dados pessoais;<\/li>\n<li>Direito de solicitar a portabilidade dos seus dados pessoais;<\/li>\n<li>Direito de informa\u00e7\u00e3o sobre as entidades p\u00fablicas e privadas com as quais s\u00e3o realizadas eventual compartilhamento de dados;<\/li>\n<li>Direito a n\u00e3o consentir com o fornecimento de dados e as informa\u00e7\u00f5es sobre as consequ\u00eancias dessa negativa;<\/li>\n<li>Direito de revogar o consentimento;<\/li>\n<li>Direito de reclamar do Controlador perante a Autoridade Nacional de Prote\u00e7\u00e3o de Dados.<\/li>\n<\/ul>\n<p>Se voc\u00ea deseja exercer algum desses direitos, entre em contato com o encarregado de Prote\u00e7\u00e3o de Dados Pessoais.<\/p>\n<div class=\"space_40 clearfix\"><\/div>\n<h3>Solicita\u00e7\u00f5es e reclama\u00e7\u00f5es<\/h3>\n<p>Se ap\u00f3s a leitura desta Pol\u00edtica de Privacidade voc\u00ea ainda tiver qualquer d\u00favida, ou por qualquer raz\u00e3o precisar se comunicar conosco para assuntos envolvendo os seus dados pessoais, voc\u00ea pode entrar em contato:<\/p>\n<p>E-mail: contato@danielajardim.com<br \/>Encarregado de prote\u00e7\u00e3o de dados pessoais: Rene Bueno<\/p>\n<\/div><\/div>","protected":false},"excerpt":{"rendered":"<p>Introdu\u00e7\u00e3o A BUENO E JARDIM DESIGN GR\u00c1FICO LTDA ME, respeita sua privacidade e est\u00e1 comprometida em proteger seus dados pessoais. Leia atentamente esta Pol\u00edtica, que descreve por que e como coletamos e tratamos seus dados pessoais, bem como fornece detalhes &hellip; <a href=\"https:\/\/danielajardim.com\/designer_freelancer\/politica-de-privacidade\/\">Conte\u00fado<\/a><\/p>\n","protected":false},"author":1,"featured_media":0,"parent":0,"menu_order":0,"comment_status":"closed","ping_status":"closed","template":"page-fullwidth.php","meta":{"_monsterinsights_skip_tracking":false,"_monsterinsights_sitenote_active":false,"_monsterinsights_sitenote_note":"","_monsterinsights_sitenote_category":0,"footnotes":""},"class_list":["post-1399","page","type-page","status-publish","hentry"],"yoast_head":"<!-- This site is optimized with the Yoast SEO plugin v27.2 - https:\/\/yoast.com\/product\/yoast-seo-wordpress\/ -->\n<title>Pol\u00edtica de Privacidade | Daniela Jardim &amp; Rene Bueno<\/title>\n<meta name=\"robots\" content=\"index, follow, max-snippet:-1, max-image-preview:large, max-video-preview:-1\" \/>\n<link rel=\"canonical\" href=\"https:\/\/danielajardim.com\/designer_freelancer\/politica-de-privacidade\/\" \/>\n<meta property=\"og:locale\" content=\"pt_BR\" \/>\n<meta property=\"og:type\" content=\"article\" \/>\n<meta property=\"og:title\" content=\"Pol\u00edtica de Privacidade | Daniela Jardim &amp; Rene Bueno\" \/>\n<meta property=\"og:description\" content=\"Introdu\u00e7\u00e3o A BUENO E JARDIM DESIGN GR\u00c1FICO LTDA ME, respeita sua privacidade e est\u00e1 comprometida em proteger seus dados pessoais. Leia atentamente esta Pol\u00edtica, que descreve por que e como coletamos e tratamos seus dados pessoais, bem como fornece detalhes &hellip; Conte\u00fado\" \/>\n<meta property=\"og:url\" content=\"https:\/\/danielajardim.com\/designer_freelancer\/politica-de-privacidade\/\" \/>\n<meta property=\"og:site_name\" content=\"Daniela Jardim &amp; Rene Bueno\" \/>\n<meta property=\"article:modified_time\" content=\"2021-09-19T19:55:30+00:00\" \/>\n<meta name=\"twitter:card\" content=\"summary_large_image\" \/>\n<meta name=\"twitter:label1\" content=\"Est. tempo de leitura\" \/>\n\t<meta name=\"twitter:data1\" content=\"5 minutos\" \/>\n<script type=\"application\/ld+json\" class=\"yoast-schema-graph\">{\"@context\":\"https:\/\/schema.org\",\"@graph\":[{\"@type\":\"WebPage\",\"@id\":\"https:\/\/danielajardim.com\/designer_freelancer\/politica-de-privacidade\/\",\"url\":\"https:\/\/danielajardim.com\/designer_freelancer\/politica-de-privacidade\/\",\"name\":\"Pol\u00edtica de Privacidade | Daniela Jardim &amp; Rene Bueno\",\"isPartOf\":{\"@id\":\"https:\/\/danielajardim.com\/designer_freelancer\/#website\"},\"datePublished\":\"2021-09-19T19:49:00+00:00\",\"dateModified\":\"2021-09-19T19:55:30+00:00\",\"breadcrumb\":{\"@id\":\"https:\/\/danielajardim.com\/designer_freelancer\/politica-de-privacidade\/#breadcrumb\"},\"inLanguage\":\"pt-BR\",\"potentialAction\":[{\"@type\":\"ReadAction\",\"target\":[\"https:\/\/danielajardim.com\/designer_freelancer\/politica-de-privacidade\/\"]}]},{\"@type\":\"BreadcrumbList\",\"@id\":\"https:\/\/danielajardim.com\/designer_freelancer\/politica-de-privacidade\/#breadcrumb\",\"itemListElement\":[{\"@type\":\"ListItem\",\"position\":1,\"name\":\"Home\",\"item\":\"https:\/\/danielajardim.com\/designer_freelancer\/\"},{\"@type\":\"ListItem\",\"position\":2,\"name\":\"Pol\u00edtica de Privacidade\"}]},{\"@type\":\"WebSite\",\"@id\":\"https:\/\/danielajardim.com\/designer_freelancer\/#website\",\"url\":\"https:\/\/danielajardim.com\/designer_freelancer\/\",\"name\":\"Daniela Jardim &amp; Rene Bueno\",\"description\":\"Design Gr\u00e1fico e Diagrama\u00e7\u00e3o Freelancer\",\"potentialAction\":[{\"@type\":\"SearchAction\",\"target\":{\"@type\":\"EntryPoint\",\"urlTemplate\":\"https:\/\/danielajardim.com\/designer_freelancer\/?s={search_term_string}\"},\"query-input\":{\"@type\":\"PropertyValueSpecification\",\"valueRequired\":true,\"valueName\":\"search_term_string\"}}],\"inLanguage\":\"pt-BR\"}]}<\/script>\n<!-- \/ Yoast SEO plugin. -->","yoast_head_json":{"title":"Pol\u00edtica de Privacidade | Daniela Jardim &amp; Rene Bueno","robots":{"index":"index","follow":"follow","max-snippet":"max-snippet:-1","max-image-preview":"max-image-preview:large","max-video-preview":"max-video-preview:-1"},"canonical":"https:\/\/danielajardim.com\/designer_freelancer\/politica-de-privacidade\/","og_locale":"pt_BR","og_type":"article","og_title":"Pol\u00edtica de Privacidade | Daniela Jardim &amp; Rene Bueno","og_description":"Introdu\u00e7\u00e3o A BUENO E JARDIM DESIGN GR\u00c1FICO LTDA ME, respeita sua privacidade e est\u00e1 comprometida em proteger seus dados pessoais. Leia atentamente esta Pol\u00edtica, que descreve por que e como coletamos e tratamos seus dados pessoais, bem como fornece detalhes &hellip; Conte\u00fado","og_url":"https:\/\/danielajardim.com\/designer_freelancer\/politica-de-privacidade\/","og_site_name":"Daniela Jardim &amp; Rene Bueno","article_modified_time":"2021-09-19T19:55:30+00:00","twitter_card":"summary_large_image","twitter_misc":{"Est. tempo de leitura":"5 minutos"},"schema":{"@context":"https:\/\/schema.org","@graph":[{"@type":"WebPage","@id":"https:\/\/danielajardim.com\/designer_freelancer\/politica-de-privacidade\/","url":"https:\/\/danielajardim.com\/designer_freelancer\/politica-de-privacidade\/","name":"Pol\u00edtica de Privacidade | Daniela Jardim &amp; Rene Bueno","isPartOf":{"@id":"https:\/\/danielajardim.com\/designer_freelancer\/#website"},"datePublished":"2021-09-19T19:49:00+00:00","dateModified":"2021-09-19T19:55:30+00:00","breadcrumb":{"@id":"https:\/\/danielajardim.com\/designer_freelancer\/politica-de-privacidade\/#breadcrumb"},"inLanguage":"pt-BR","potentialAction":[{"@type":"ReadAction","target":["https:\/\/danielajardim.com\/designer_freelancer\/politica-de-privacidade\/"]}]},{"@type":"BreadcrumbList","@id":"https:\/\/danielajardim.com\/designer_freelancer\/politica-de-privacidade\/#breadcrumb","itemListElement":[{"@type":"ListItem","position":1,"name":"Home","item":"https:\/\/danielajardim.com\/designer_freelancer\/"},{"@type":"ListItem","position":2,"name":"Pol\u00edtica de Privacidade"}]},{"@type":"WebSite","@id":"https:\/\/danielajardim.com\/designer_freelancer\/#website","url":"https:\/\/danielajardim.com\/designer_freelancer\/","name":"Daniela Jardim &amp; Rene Bueno","description":"Design Gr\u00e1fico e Diagrama\u00e7\u00e3o Freelancer","potentialAction":[{"@type":"SearchAction","target":{"@type":"EntryPoint","urlTemplate":"https:\/\/danielajardim.com\/designer_freelancer\/?s={search_term_string}"},"query-input":{"@type":"PropertyValueSpecification","valueRequired":true,"valueName":"search_term_string"}}],"inLanguage":"pt-BR"}]}},"_links":{"self":[{"href":"https:\/\/danielajardim.com\/designer_freelancer\/wp-json\/wp\/v2\/pages\/1399","targetHints":{"allow":["GET"]}}],"collection":[{"href":"https:\/\/danielajardim.com\/designer_freelancer\/wp-json\/wp\/v2\/pages"}],"about":[{"href":"https:\/\/danielajardim.com\/designer_freelancer\/wp-json\/wp\/v2\/types\/page"}],"author":[{"embeddable":true,"href":"https:\/\/danielajardim.com\/designer_freelancer\/wp-json\/wp\/v2\/users\/1"}],"replies":[{"embeddable":true,"href":"https:\/\/danielajardim.com\/designer_freelancer\/wp-json\/wp\/v2\/comments?post=1399"}],"version-history":[{"count":2,"href":"https:\/\/danielajardim.com\/designer_freelancer\/wp-json\/wp\/v2\/pages\/1399\/revisions"}],"predecessor-version":[{"id":1402,"href":"https:\/\/danielajardim.com\/designer_freelancer\/wp-json\/wp\/v2\/pages\/1399\/revisions\/1402"}],"wp:attachment":[{"href":"https:\/\/danielajardim.com\/designer_freelancer\/wp-json\/wp\/v2\/media?parent=1399"}],"curies":[{"name":"wp","href":"https:\/\/api.w.org\/{rel}","templated":true}]}}